{"id":148,"date":"2018-07-18T09:30:24","date_gmt":"2018-07-18T09:30:24","guid":{"rendered":"https:\/\/typestudio.de\/?page_id=148"},"modified":"2018-12-16T12:10:50","modified_gmt":"2018-12-16T12:10:50","slug":"impressum","status":"publish","type":"page","link":"https:\/\/typestudio.de\/?page_id=148","title":{"rendered":"Impressum"},"content":{"rendered":"<p>[et_pb_section fb_built=&#8220;1&#8243; _builder_version=&#8220;3.6&#8243;][et_pb_row custom_padding=&#8220;27px|0px|27px|0px|false|false&#8220; _builder_version=&#8220;3.17.6&#8243; module_alignment=&#8220;right&#8220; use_custom_width=&#8220;on&#8220; width_unit=&#8220;off&#8220; custom_width_percent=&#8220;85%&#8220;][et_pb_column type=&#8220;4_4&#8243; _builder_version=&#8220;3.6&#8243; parallax=&#8220;off&#8220; parallax_method=&#8220;on&#8220;][et_pb_text _builder_version=&#8220;3.17.6&#8243; max_width=&#8220;75%&#8220; module_alignment=&#8220;center&#8220;]<\/p>\n<h1>Angaben gem\u00e4\u00df \u00a7 5 TMG:<\/h1>\n<div class=\"NFQFxe viOShc LKPcQc mod\" data-md=\"16\" data-hveid=\"133\" data-ved=\"0ahUKEwj1wJftvKjcAhUDalAKHYC-DtUQhygIhQEwDw\">\n<div class=\"Ftghae iirjIb DaSCDf\">\n<div class=\"SPZz6b\" aria-level=\"3\" role=\"heading\">\n<div class=\"kno-ecr-pt kno-fb-ctx G0SIb EaHP9c\" data-dtype=\"d3ifr\" data-local-attribute=\"d3bn\" data-ved=\"0ahUKEwj1wJftvKjcAhUDalAKHYC-DtUQ3B0IhgEoADAP\"><span>TypeStudio Evertz GmbH<\/span><\/div>\n<\/div>\n<\/div>\n<\/div>\n<p><span>Martin-Behaim-Stra\u00dfe 26<br \/><\/span><span>63263 Neu-Isenburg<\/span><span><\/span><\/p>\n<p><span><\/span><\/p>\n<h2>Kontakt:<\/h2>\n<p><span style=\"color: #666666;\">Telefon: \u202d<a class=\"fl r-iXXJ_euZ0_Hs\" href=\"https:\/\/www.google.de\/search?q=typestudio&amp;oq=typestudio&amp;aqs=chrome..69i57j69i60l4j0.750j0j4&amp;sourceid=chrome&amp;ie=UTF-8#\" data-number=\"+49610229170\" data-pstn-out-call-url=\"\" title=\"\u00dcber Hangouts anrufen\" jsaction=\"r.oVdbr2mIpA8\" data-rtid=\"iXXJ_euZ0_Hs\" jsl=\"$t t-6xg4lalHw8M;$x 0;\" data-ved=\"0ahUKEwj1wJftvKjcAhUDalAKHYC-DtUQkAgIpAEoADAV\" style=\"color: #666666;\">06102 29170<\/a><\/span><br \/>E-Mail:\u00a0o-evertz@typestudio.de\/<\/p>\n<p>Gesch\u00e4ftsf\u00fchrer: Oliver Evertz<\/p>\n<h2>Umsatzsteuer:<\/h2>\n<p>UmsatzsteuerIdentifikationsnummer gem\u00e4\u00df \u00a727 a Umsatzsteuergesetz:\u00a0\u00a0DE 196420309<\/p>\n<h2>Angaben zur Berufshaftpflichtversicherung<\/h2>\n<p>Name und Sitz des Versicherers:<\/p>\n<p>&nbsp;<\/p>\n<h2>Streitschlichtung<\/h2>\n<p>Die<br \/>Europ\u00e4ische Kommission stellt eine Plattform zur Online-Streitbeilegung (OS) bereit:<span>\u00a0<\/span><a href=\"https:\/\/ec.europa.eu\/consumers\/odr\" target=\"_blank\" rel=\"noopener\">https:\/\/ec.europa.eu\/consumers\/odr<\/a><\/p>\n<p>Unsere E-Mail-Adresse finden Sie oben im Impressum.<\/p>\n<p>Wir sind nicht bereit oder verpflichtet, an<br \/>Streitbeilegungsverfahren vor einer Verbraucherschlichtungsstelle teilzunehmen.<\/p>\n<h2>Haftung<br \/>f\u00fcr Inhalte<\/h2>\n<p>Als Diensteanbieter sind wir gem\u00e4\u00df \u00a7 7 Abs.1 TMG f\u00fcr<br \/>eigene Inhalte auf diesen Seiten nach den allgemeinen Gesetzen verantwortlich. Nach \u00a7\u00a7 8 bis<br \/>10 TMG sind wir als Diensteanbieter jedoch nicht verpflichtet, \u00fcbermittelte oder gespeicherte fremde<br \/>Informationen zu \u00fcberwachen oder nach Umst\u00e4nden zu forschen, die auf eine rechtswidrige<br \/>T\u00e4tigkeit hinweisen.<\/p>\n<p>Verpflichtungen zur Entfernung oder Sperrung der Nutzung von<br \/>Informationen nach den allgemeinen Gesetzen bleiben hiervon unber\u00fchrt. Eine diesbez\u00fcgliche<br \/>Haftung ist jedoch erst ab dem Zeitpunkt der Kenntnis einer konkreten Rechtsverletzung m\u00f6glich.<br \/>Bei Bekanntwerden von entsprechenden Rechtsverletzungen werden wir diese Inhalte umgehend<br \/>entfernen.<\/p>\n<h2>Haftung f\u00fcr Links<\/h2>\n<p>Unser Angebot enth\u00e4lt Links zu externen<br \/>Websites Dritter, auf deren Inhalte wir keinen Einfluss haben. Deshalb k\u00f6nnen wir f\u00fcr diese<br \/>fremden Inhalte auch keine Gew\u00e4hr \u00fcbernehmen. F\u00fcr die Inhalte der verlinkten Seiten ist<br \/>stets der jeweilige Anbieter oder Betreiber der Seiten verantwortlich. Die verlinkten Seiten wurden zum<br \/>Zeitpunkt der Verlinkung auf m\u00f6gliche Rechtsverst\u00f6\u00dfe \u00fcberpr\u00fcft.<br \/>Rechtswidrige Inhalte waren zum Zeitpunkt der Verlinkung nicht erkennbar.<\/p>\n<p>Eine permanente<br \/>inhaltliche Kontrolle der verlinkten Seiten ist jedoch ohne konkrete Anhaltspunkte einer Rechtsverletzung<br \/>nicht zumutbar. Bei Bekanntwerden von Rechtsverletzungen werden wir derartige Links umgehend<br \/>entfernen.<\/p>\n<h2>Urheberrecht<\/h2>\n<p>Die durch die Seitenbetreiber erstellten Inhalte und Werke auf<br \/>diesen Seiten unterliegen dem deutschen Urheberrecht. Die Vervielf\u00e4ltigung, Bearbeitung,<br \/>Verbreitung und jede Art der Verwertung au\u00dferhalb der Grenzen des Urheberrechtes bed\u00fcrfen<br \/>der schriftlichen Zustimmung des jeweiligen Autors bzw. Erstellers. Downloads und Kopien dieser Seite<br \/>sind nur f\u00fcr den privaten, nicht kommerziellen Gebrauch gestattet.<\/p>\n<p>Soweit die Inhalte auf<br \/>dieser Seite nicht vom Betreiber erstellt wurden, werden die Urheberrechte Dritter beachtet. Insbesondere<br \/>werden Inhalte Dritter als solche gekennzeichnet. Sollten Sie trotzdem auf eine Urheberrechtsverletzung<br \/>aufmerksam werden, bitten wir um einen entsprechenden Hinweis. Bei Bekanntwerden von<br \/>Rechtsverletzungen werden wir derartige Inhalte umgehend entfernen.<\/p>\n<p>Quelle:<span>\u00a0<\/span><a href=\"https:\/\/www.e-recht24.de\/\">e-recht24.de<\/a><\/p>\n<p>[\/et_pb_text][\/et_pb_column][\/et_pb_row][\/et_pb_section]<\/p>\n","protected":false},"excerpt":{"rendered":"<p>[et_pb_section fb_built=&#8220;1&#8243; _builder_version=&#8220;3.6&#8243;][et_pb_row custom_padding=&#8220;27px|0px|27px|0px|false|false&#8220; _builder_version=&#8220;3.17.6&#8243; module_alignment=&#8220;right&#8220; use_custom_width=&#8220;on&#8220; width_unit=&#8220;off&#8220; custom_width_percent=&#8220;85%&#8220;][et_pb_column type=&#8220;4_4&#8243; _builder_version=&#8220;3.6&#8243; parallax=&#8220;off&#8220; parallax_method=&#8220;on&#8220;][et_pb_text _builder_version=&#8220;3.17.6&#8243; max_width=&#8220;75%&#8220; module_alignment=&#8220;center&#8220;] Angaben gem\u00e4\u00df \u00a7 5 TMG: TypeStudio Evertz GmbH Martin-Behaim-Stra\u00dfe 2663263 Neu-Isenburg Kontakt: Telefon: \u202d06102 29170E-Mail:\u00a0o-evertz@typestudio.de\/ Gesch\u00e4ftsf\u00fchrer: Oliver Evertz Umsatzsteuer: UmsatzsteuerIdentifikationsnummer gem\u00e4\u00df \u00a727 a Umsatzsteuergesetz:\u00a0\u00a0DE 196420309 Angaben zur Berufshaftpflichtversicherung Name und Sitz des Versicherers: &nbsp; Streitschlichtung DieEurop\u00e4ische Kommission stellt eine [&hellip;]<\/p>\n","protected":false},"author":1,"featured_media":0,"parent":0,"menu_order":0,"comment_status":"closed","ping_status":"closed","template":"","meta":{"_et_pb_use_builder":"on","_et_pb_old_content":"","footnotes":""},"class_list":["post-148","page","type-page","status-publish","hentry"],"_links":{"self":[{"href":"https:\/\/typestudio.de\/index.php?rest_route=\/wp\/v2\/pages\/148","targetHints":{"allow":["GET"]}}],"collection":[{"href":"https:\/\/typestudio.de\/index.php?rest_route=\/wp\/v2\/pages"}],"about":[{"href":"https:\/\/typestudio.de\/index.php?rest_route=\/wp\/v2\/types\/page"}],"author":[{"embeddable":true,"href":"https:\/\/typestudio.de\/index.php?rest_route=\/wp\/v2\/users\/1"}],"replies":[{"embeddable":true,"href":"https:\/\/typestudio.de\/index.php?rest_route=%2Fwp%2Fv2%2Fcomments&post=148"}],"version-history":[{"count":6,"href":"https:\/\/typestudio.de\/index.php?rest_route=\/wp\/v2\/pages\/148\/revisions"}],"predecessor-version":[{"id":687,"href":"https:\/\/typestudio.de\/index.php?rest_route=\/wp\/v2\/pages\/148\/revisions\/687"}],"wp:attachment":[{"href":"https:\/\/typestudio.de\/index.php?rest_route=%2Fwp%2Fv2%2Fmedia&parent=148"}],"curies":[{"name":"wp","href":"https:\/\/api.w.org\/{rel}","templated":true}]}}